{"id":78,"date":"2010-12-13T20:26:40","date_gmt":"2010-12-13T20:26:40","guid":{"rendered":"http:\/\/historypressfaroeislands.com\/dansk\/"},"modified":"2010-12-13T20:26:40","modified_gmt":"2010-12-13T20:26:40","slug":"a-dane-and-the-dawning-of-faroese-archaeology","status":"publish","type":"page","link":"https:\/\/historypressfaroeislands.com\/dansk\/downloads\/faeroerne\/a-dane-and-the-dawning-of-faroese-archaeology\/","title":{"rendered":"A Dane and the Dawning of Faroese Archaeology"},"content":{"rendered":"<p><span style=\"color: #ffffff;\">\u2022 <\/span><br \/>\n<a href=\"http:\/\/historypressfaroeislands.com\/images\/A_Dane_and_the_Dawning.pdf\" target=\"_blank\"><img loading=\"lazy\" decoding=\"async\" class=\"alignleft\" title=\"Hvem var her f\u00f8rst \u2013 skandinaver eller irere?\" src=\"http:\/\/historypressfaroeislands.com\/images\/adane.jpg\" alt=\"Download Hvem var her f\u00f8rst \u2013 skandinaver eller irere?\" width=\"230\" height=\"270\" \/><\/a><em>Steffen Stummann Hansen:<\/em><br \/>\nA Dane and the Dawning of Faroese Archaeology.<br \/>\nFr\u00f3\u00f0skaparrit 50 (2002),11-32.<\/p>\n<p>\u2022 <a href=\"http:\/\/historypressfaroeislands.com\/images\/A_Dane_and_the_Dawning.pdf\" target=\"_blank\">Download publikationen gratis i pdf-format her<\/a><br \/>\n<span style=\"color: #ffffff;\">\u2022 <\/span><br \/>\n<span style=\"color: #ffffff;\">\u2022 <\/span><br \/>\n<span style=\"color: #ffffff;\">\u2022 <\/span><br \/>\n<span style=\"color: #ffffff;\">\u2022 <\/span><br \/>\n<span style=\"color: #ffffff;\">\u2022 <\/span><br \/>\n<span style=\"color: #ffffff;\">\u2022 <\/span><br \/>\n<span style=\"color: #ffffff;\">\u2022 <\/span><br \/>\n<span style=\"color: #ffffff;\">\u2022 <\/span><br \/>\n<em>&#8220;\u00cd oktober 1932 vitja\u00f0u Gudmund Hatt, professari \u00ed b\u00falandafr\u00f8\u00f0i vi\u00f0 K\u00f8benhavns Universitet, og kona hansara, Emilie Demant Hatt, listam\u00e1lari, \u00ed F\u00f8royum \u00ed seks dagar \u00e1 veg heim fr\u00e1 anns\u00f3knum \u00ed Gr\u00f8nlandi. Umframt at vera b\u00falandafr\u00f8\u00f0ingur var Hatt eisini ein av fremstu serfr\u00f8\u00f0ingum \u00ed fornfr\u00f8\u00f0i vi\u00f0v\u00edkjandi byggisi\u00f0um. Serstakliga hev\u00f0i Hatt \u00e1huga fyri landb\u00fana\u00f0arskipanum, og me\u00f0an hann var staddur \u00ed F\u00f8royum, t\u00f3k hann eisini lut \u00ed einum l\u00edtlum fornfr\u00f8\u00f0iligum \u00fatgrevstri av eini h\u00fasatoft n\u00e6rindis T\u00f3rshavn; hesin grevstur var\u00f0 fyriskipa\u00f0ur av F\u00f8roya forngripafelag. Fornfr\u00f8\u00f0iliga umhv\u00f8rvi\u00f0, sum Hatt rakti vi\u00f0 \u00ed F\u00f8royum, gevur \u00e1 mangan h\u00e1tt eina mynd av upprunanum at f\u00f8royskari fornfr\u00f8\u00f0i.&#8221;<\/em><\/p>\n","protected":false},"excerpt":{"rendered":"<p>\u2022 Steffen Stummann Hansen: A Dane and the Dawning of Faroese Archaeology. Fr\u00f3\u00f0skaparrit 50 (2002),11-32. \u2022 Download publikationen gratis i pdf-format her \u2022 \u2022 \u2022 \u2022 \u2022 \u2022 \u2022 \u2022 &#8220;\u00cd oktober 1932 vitja\u00f0u Gudmund Hatt, professari \u00ed b\u00falandafr\u00f8\u00f0i vi\u00f0 &hellip; <a href=\"https:\/\/historypressfaroeislands.com\/dansk\/downloads\/faeroerne\/a-dane-and-the-dawning-of-faroese-archaeology\/\">Continue reading <span class=\"meta-nav\">&rarr;<\/span><\/a><\/p>\n","protected":false},"author":4,"featured_media":0,"parent":327,"menu_order":4,"comment_status":"closed","ping_status":"closed","template":"","meta":{"footnotes":""},"class_list":["post-78","page","type-page","status-publish","hentry"],"_links":{"self":[{"href":"https:\/\/historypressfaroeislands.com\/dansk\/wp-json\/wp\/v2\/pages\/78","targetHints":{"allow":["GET"]}}],"collection":[{"href":"https:\/\/historypressfaroeislands.com\/dansk\/wp-json\/wp\/v2\/pages"}],"about":[{"href":"https:\/\/historypressfaroeislands.com\/dansk\/wp-json\/wp\/v2\/types\/page"}],"author":[{"embeddable":true,"href":"https:\/\/historypressfaroeislands.com\/dansk\/wp-json\/wp\/v2\/users\/4"}],"replies":[{"embeddable":true,"href":"https:\/\/historypressfaroeislands.com\/dansk\/wp-json\/wp\/v2\/comments?post=78"}],"version-history":[{"count":0,"href":"https:\/\/historypressfaroeislands.com\/dansk\/wp-json\/wp\/v2\/pages\/78\/revisions"}],"up":[{"embeddable":true,"href":"https:\/\/historypressfaroeislands.com\/dansk\/wp-json\/wp\/v2\/pages\/327"}],"wp:attachment":[{"href":"https:\/\/historypressfaroeislands.com\/dansk\/wp-json\/wp\/v2\/media?parent=78"}],"curies":[{"name":"wp","href":"https:\/\/api.w.org\/{rel}","templated":true}]}}