{"id":75,"date":"2010-12-13T19:49:30","date_gmt":"2010-12-13T19:49:30","guid":{"rendered":"http:\/\/historypressfaroeislands.com\/dansk\/"},"modified":"2022-02-07T17:49:19","modified_gmt":"2022-02-07T17:49:19","slug":"hvem-var-her-foerst","status":"publish","type":"page","link":"https:\/\/historypressfaroeislands.com\/dansk\/downloads\/faeroerne\/hvem-var-her-foerst\/","title":{"rendered":"Hvem var her f\u00f8rst \u2013 skandinaver eller irere?"},"content":{"rendered":"<p><span style=\"color: #ffffff;\">\u2022 <\/span><br \/>\n<a href=\"http:\/\/historypressfaroeislands.com\/images\/Atlantic_Review.pdf\" target=\"_blank\" rel=\"noopener\"><img decoding=\"async\" class=\"alignleft\" title=\"Hvem var her f\u00f8rst \u2013 skandinaver eller irere?\" src=\"http:\/\/historypressfaroeislands.com\/images\/hvem.jpg\" alt=\"Download Hvem var her f\u00f8rst \u2013 skandinaver eller irere?\" \/><\/a><em>Steffen Stummann Hansen:<\/em><br \/>\nHvem var her f\u00f8rst \u2013 skandinaver eller irere?<br \/>\n<em>Atlantic Review<\/em> (autumn 2008) p. 48-54.<\/p>\n<p>\u2022 <a title=\"Hvem var her f\u00f8rst \u2013 skandinaver eller irere? Atlantic Review (autumn 2008) p. 48-54.\" href=\"http:\/\/historypressfaroeislands.com\/Atlantic-Review-1-1.pdf\" target=\"_blank\" rel=\"noopener\">Download\u00a0artiklen gratis i pdf-format<\/a><br \/>\n<span style=\"color: #ffffff;\">\u2022 <\/span><br \/>\n<span style=\"color: #ffffff;\">\u2022 <\/span><br \/>\n<span style=\"color: #ffffff;\">\u2022 <\/span><br \/>\n<span style=\"color: #ffffff;\">\u2022 <\/span><br \/>\n<em>&#8220;Hvem var her f\u00f8rst \u2013 skandinaver eller irere? F\u00e6r\u00f8ernes bos\u00e6ttelse er et resultat af skandinavernes ekspansion mod vest og op i Nordatlanten fra ca. \u00e5r 700 til 1050. Det er klart reflekteret i sproget og stednavne. Men der er ogs\u00e5 et irsk element i landn\u00e1met p\u00e5 F\u00e6r\u00f8erne. Seniorforsker og mag. art. i forhistorisk ark\u00e6ologi Steffen Stumman Hansen udforsker her den irske forbindelse p\u00e5 F\u00e6r\u00f8erne.&#8221;<\/em><\/p>\n<p><em>&#8220;Hvem kom f\u00f8rst til F\u00e6r\u00f8erne? Dette sp\u00f8rgsm\u00e5l har v\u00e6ret meget omdiskuteret<\/em><br \/>\n<em>blandt forskere og bliver det stadig. Sprogforskere pegede tidligt p\u00e5, at det f\u00e6r\u00f8ske sprog rummer en r\u00e6kke stednavne og l\u00e5neord, som m\u00e5 stamme fra irsk. F.eks. det f\u00e6r\u00f8ske ord for s\u00e6ter, det vil sige sommerg\u00e5rd i fjeldet, \u00e6rgi eller argi, stammer fra oldirsk \u00e1irge. Det skandinaviske ord s\u00e6ter optr\u00e6der slet ikke p\u00e5 F\u00e6r\u00f8erne. Ligeledes stammer det f\u00e6r\u00f8ske ord for tyr, tarvur, fra oldirsk tarb. Og der er flere eksempler.<\/em><br \/>\n<em>Ark\u00e6ologisk er der ogs\u00e5 vidnesbyrd om forbindelse med de keltiske omr\u00e5der mod syd.<\/em><em>&#8220;<\/em><\/p>\n","protected":false},"excerpt":{"rendered":"<p>\u2022 Steffen Stummann Hansen: Hvem var her f\u00f8rst \u2013 skandinaver eller irere? Atlantic Review (autumn 2008) p. 48-54. \u2022 Download\u00a0artiklen gratis i pdf-format \u2022 \u2022 \u2022 \u2022 &#8220;Hvem var her f\u00f8rst \u2013 skandinaver eller irere? F\u00e6r\u00f8ernes bos\u00e6ttelse er et resultat &hellip; <a href=\"https:\/\/historypressfaroeislands.com\/dansk\/downloads\/faeroerne\/hvem-var-her-foerst\/\">Continue reading <span class=\"meta-nav\">&rarr;<\/span><\/a><\/p>\n","protected":false},"author":4,"featured_media":0,"parent":327,"menu_order":5,"comment_status":"closed","ping_status":"closed","template":"","meta":{"footnotes":""},"class_list":["post-75","page","type-page","status-publish","hentry"],"_links":{"self":[{"href":"https:\/\/historypressfaroeislands.com\/dansk\/wp-json\/wp\/v2\/pages\/75","targetHints":{"allow":["GET"]}}],"collection":[{"href":"https:\/\/historypressfaroeislands.com\/dansk\/wp-json\/wp\/v2\/pages"}],"about":[{"href":"https:\/\/historypressfaroeislands.com\/dansk\/wp-json\/wp\/v2\/types\/page"}],"author":[{"embeddable":true,"href":"https:\/\/historypressfaroeislands.com\/dansk\/wp-json\/wp\/v2\/users\/4"}],"replies":[{"embeddable":true,"href":"https:\/\/historypressfaroeislands.com\/dansk\/wp-json\/wp\/v2\/comments?post=75"}],"version-history":[{"count":2,"href":"https:\/\/historypressfaroeislands.com\/dansk\/wp-json\/wp\/v2\/pages\/75\/revisions"}],"predecessor-version":[{"id":1232,"href":"https:\/\/historypressfaroeislands.com\/dansk\/wp-json\/wp\/v2\/pages\/75\/revisions\/1232"}],"up":[{"embeddable":true,"href":"https:\/\/historypressfaroeislands.com\/dansk\/wp-json\/wp\/v2\/pages\/327"}],"wp:attachment":[{"href":"https:\/\/historypressfaroeislands.com\/dansk\/wp-json\/wp\/v2\/media?parent=75"}],"curies":[{"name":"wp","href":"https:\/\/api.w.org\/{rel}","templated":true}]}}