{"id":118,"date":"2011-01-08T19:35:09","date_gmt":"2011-01-08T19:35:09","guid":{"rendered":"http:\/\/historypressfaroeislands.com\/dansk\/"},"modified":"2016-03-28T08:53:34","modified_gmt":"2016-03-28T08:53:34","slug":"downloads","status":"publish","type":"page","link":"https:\/\/historypressfaroeislands.com\/dansk\/downloads\/","title":{"rendered":"Artikler"},"content":{"rendered":"<p>Ark\u00e6ologiske og historiske artikler om Nordatlanten, der kan downloades gratis<br \/>\nher p\u00e5 siden i PDF format. <strong><a href=\"..\/downloads\/faeroerne\/\" target=\"_self\"><span style=\"color: #000000;\"><br \/>\n<\/span><\/a><\/strong><\/p>\n<h4><strong>F\u00e6r\u00f8erne<\/strong><\/h4>\n<p><span style=\"color: #ffffff;\">\u2022<\/span> \u2022 <a href=\"..\/downloads\/faeroerne\/hvem-var-her-foerst\/\" target=\"_self\">Hvem var her f\u00f8rst \u2013 skandinaver eller irere?<\/a><br \/>\n<span style=\"color: #ffffff;\">\u2022<\/span> \u2022 <a href=\"http:\/\/historypressfaroeislands.com\/dansk\/downloads\/faeroerne\/toftum\/\" target=\"_self\">Ni\u00f0ri \u00ed Toftum<\/a><a href=\"http:\/\/historypressfaroeislands.com\/dansk\/downloads\/faeroerne\/a-dane-and-the-dawning-of-faroese-archaeology\/\" target=\"_self\"><br \/>\n<\/a><span style=\"color: #ffffff;\">\u2022<\/span> \u2022 <a href=\"..\/downloads\/faeroerne\/i-korsets-tegn\/\" target=\"_self\">I Korsets Tegn. Kristendommen i Leirv\u00edks \u00e6ldste historie<\/a> <a href=\"http:\/\/historypressfaroeislands.com\/dansk\/downloads\/faeroerne\/a-viking-age-shieling\/\" target=\"_self\"><br \/>\n<\/a><span style=\"color: #ffffff;\">\u2022<\/span> \u2022 <a href=\"..\/downloads\/faeroerne\/a-dane-and-the-dawning-of-faroese-archaeology\/\" target=\"_self\">A Dane and the Dawning of Faroese Archaeology<\/a><a href=\"http:\/\/historypressfaroeislands.com\/dansk\/downloads\/faeroerne\/hvem-var-her-foerst\/\" target=\"_self\"><br \/>\n<\/a><span style=\"color: #ffffff;\">\u2022<\/span> \u2022 <a href=\"..\/downloads\/faeroerne\/a-viking-age-shieling\/\" target=\"_self\">A Viking Age shieling in Skar\u00f0sv\u00edk, Fugloy, Faroe Islands<\/a><a href=\"http:\/\/historypressfaroeislands.com\/dansk\/downloads\/faeroerne\/i-korsets-tegn\/\" target=\"_self\"><br \/>\n<\/a><span style=\"color: #ffffff;\">\u2022<\/span> \u2022 <a href=\"http:\/\/historypressfaroeislands.com\/dansk\/downloads\/faeroerne\/landscapes-at-landnam\/\" target=\"_self\">Landscapes at landn\u00e1m (Toftanes)<\/a><br \/>\n<span style=\"color: #ffffff;\">\u2022<\/span>\u00a0\u2022\u00a0<a href=\"http:\/\/historypressfaroeislands.com\/dansk\/downloads\/faeroerne\/landscapes-at-landnam\/\" target=\"_self\">The Norse landnam in the Faroe Islands in the light of recent excavations at Toftanes, Leirv\u00edk<\/a><\/p>\n<hr \/>\n<h4><strong>Island<\/strong><\/h4>\n<p><span style=\"color: #ffffff;\">\u2022<\/span> \u2022 <a href=\"http:\/\/historypressfaroeislands.com\/dansk\/downloads\/island\/heimfero\/\" target=\"_self\">Heimfer\u00f0 um \u00cdsland<br \/>\n<\/a><span style=\"color: #ffffff;\">\u2022<\/span> \u2022 <a href=\"http:\/\/historypressfaroeislands.com\/dansk\/downloads\/island\/pompei-islands\/\" target=\"_self\">Pompei \u00cdslands. Norr\u00e6ni fornleifalei\u00f0angurinn \u00ed \u00dej\u00f3rs\u00e1rdal 1939<br \/>\n<\/a><span style=\"color: #ffffff;\">\u2022<\/span> \u2022 <a href=\"http:\/\/historypressfaroeislands.com\/dansk\/downloads\/island\/archaeological-investigations\/\" target=\"_self\">Archaeological investigations in \u00dej\u00f3rs\u00e1rdalur 2001<\/a> <strong><a href=\"http:\/\/historypressfaroeislands.com\/dansk\/downloads\/gronland\/\" target=\"_self\"><span style=\"color: #000000;\"><br \/>\n<\/span><\/a><\/strong><\/p>\n<hr \/>\n<h4><strong>Gr\u00f8nland<\/strong><\/h4>\n<p><span style=\"color: #ffffff;\">\u2022<\/span> \u2022 <a href=\"..\/downloads\/gronland\/roterende-slibesten\/\" target=\"_self\">Roterende slibesten. Et up\u00e5agtet nordbofund fra \u00d8sterbygden<\/a> <a href=\"http:\/\/historypressfaroeislands.com\/dansk\/downloads\/gronland\/vi-kaldte-den-nordbodalen\/\" target=\"_self\"><br \/>\n<\/a><span style=\"color: #ffffff;\">\u2022<\/span> \u2022 <a href=\"http:\/\/historypressfaroeislands.com\/dansk\/downloads\/gronland\/how-to-get-at-a-man-in-greenland\/\" target=\"_self\">How to get at a man in Greenland I don\u2019t know<br \/>\n<\/a><span style=\"color: #ffffff;\">\u2022<\/span> \u2022 <a href=\"..\/downloads\/gronland\/vi-kaldte-den-nordbodalen\/\" target=\"_self\">Vi kaldte den Nordbodalen<\/a><\/p>\n<hr \/>\n<h4><strong>Shetland<\/strong><\/h4>\n<p><span style=\"color: #ffffff;\">\u2022<\/span> \u2022 <a href=\"http:\/\/historypressfaroeislands.com\/dansk\/downloads\/shetland\/governor-ploeyen-and-captain-cameron-mouat\/\" target=\"_self\">Governor Pl\u00f8yen and Captain Cameron Mouat<\/a><br \/>\n<span style=\"color: #ffffff;\">\u2022<\/span> \u2022 <a href=\"..\/downloads\/shetland\/a-shetland-viking-comb-in-copenhagen\/\" target=\"_self\">A Shetland Viking comb in Copenhagen<\/a> <a href=\"http:\/\/historypressfaroeislands.com\/dansk\/downloads\/shetland\/a_dane_in_shetland-part_one\/\" target=\"_self\"><br \/>\n<\/a><span style=\"color: #ffffff;\">\u2022<\/span> \u2022 <a href=\"..\/downloads\/shetland\/back-to-jarlshof\/\" target=\"_self\">Back to Jarlshof: Aage Roussell\u2019s return to Shetland in 1939<\/a> <a href=\"http:\/\/historypressfaroeislands.com\/dansk\/downloads\/shetland\/a-dane-in-shetland-part-two\/\" target=\"_self\"><br \/>\n<\/a><span style=\"color: #ffffff;\">\u2022<\/span> \u2022 <a href=\"..\/downloads\/shetland\/miniature_querns\/\" target=\"_self\">Miniature Querns and millstones<\/a> <a href=\"http:\/\/historypressfaroeislands.com\/dansk\/downloads\/shetland\/a-norse-farmstead\/\" target=\"_self\"><br \/>\n<\/a><span style=\"color: #ffffff;\">\u2022<\/span> \u2022 <a href=\"..\/downloads\/shetland\/a-dane-in-shetland-part-two\/\" target=\"_self\">A Dane in Shetland (part two)<\/a><a href=\"http:\/\/historypressfaroeislands.com\/dansk\/downloads\/shetland\/back-to-jarlshof\/\" target=\"_self\"><br \/>\n<\/a><span style=\"color: #ffffff;\">\u2022<\/span> \u2022 <a href=\"..\/downloads\/shetland\/a_dane_in_shetland-part_one\/\" target=\"_self\">A Dane in Shetland (Part One)<\/a><a href=\"http:\/\/historypressfaroeislands.com\/dansk\/downloads\/shetland\/miniature_querns\/\" target=\"_self\"><br \/>\n<\/a><span style=\"color: #ffffff;\">\u2022<\/span> \u2022 <a href=\"..\/downloads\/shetland\/a-norse-farmstead\/\" target=\"_self\">A Norse Farmstead at Sandwick, Unst<\/a><\/p>\n<hr \/>\n<h4><strong>Orkney<\/strong><\/h4>\n<p><span style=\"color: #ffffff;\">\u2022<\/span> \u2022 <a href=\"http:\/\/historypressfaroeislands.com\/dansk\/downloads\/orkney\/an-orkney-quest\/\" target=\"_self\">An Orkney Quest<\/a><\/p>\n","protected":false},"excerpt":{"rendered":"<p>Ark\u00e6ologiske og historiske artikler om Nordatlanten, der kan downloades gratis her p\u00e5 siden i PDF format. F\u00e6r\u00f8erne \u2022 \u2022 Hvem var her f\u00f8rst \u2013 skandinaver eller irere? \u2022 \u2022 Ni\u00f0ri \u00ed Toftum \u2022 \u2022 I Korsets Tegn. Kristendommen i Leirv\u00edks &hellip; <a href=\"https:\/\/historypressfaroeislands.com\/dansk\/downloads\/\">Continue reading <span class=\"meta-nav\">&rarr;<\/span><\/a><\/p>\n","protected":false},"author":4,"featured_media":0,"parent":0,"menu_order":3,"comment_status":"closed","ping_status":"closed","template":"","meta":{"footnotes":""},"class_list":["post-118","page","type-page","status-publish","hentry"],"_links":{"self":[{"href":"https:\/\/historypressfaroeislands.com\/dansk\/wp-json\/wp\/v2\/pages\/118","targetHints":{"allow":["GET"]}}],"collection":[{"href":"https:\/\/historypressfaroeislands.com\/dansk\/wp-json\/wp\/v2\/pages"}],"about":[{"href":"https:\/\/historypressfaroeislands.com\/dansk\/wp-json\/wp\/v2\/types\/page"}],"author":[{"embeddable":true,"href":"https:\/\/historypressfaroeislands.com\/dansk\/wp-json\/wp\/v2\/users\/4"}],"replies":[{"embeddable":true,"href":"https:\/\/historypressfaroeislands.com\/dansk\/wp-json\/wp\/v2\/comments?post=118"}],"version-history":[{"count":1,"href":"https:\/\/historypressfaroeislands.com\/dansk\/wp-json\/wp\/v2\/pages\/118\/revisions"}],"predecessor-version":[{"id":1125,"href":"https:\/\/historypressfaroeislands.com\/dansk\/wp-json\/wp\/v2\/pages\/118\/revisions\/1125"}],"wp:attachment":[{"href":"https:\/\/historypressfaroeislands.com\/dansk\/wp-json\/wp\/v2\/media?parent=118"}],"curies":[{"name":"wp","href":"https:\/\/api.w.org\/{rel}","templated":true}]}}